{"id":94,"date":"2016-04-01T17:24:43","date_gmt":"2016-04-01T15:24:43","guid":{"rendered":"http:\/\/koerpertakt.de\/?page_id=94"},"modified":"2022-07-31T16:42:26","modified_gmt":"2022-07-31T14:42:26","slug":"physiotherapiekrankengymnastik","status":"publish","type":"page","link":"https:\/\/koerpertakt.de\/?page_id=94","title":{"rendered":"Physiotherapie\/Krankengymnastik"},"content":{"rendered":"\n<div class=\"wp-block-media-text alignwide has-media-on-the-right is-stacked-on-mobile is-image-fill\"><figure class=\"wp-block-media-text__media\" style=\"background-image:url(https:\/\/koerpertakt.de\/wp-content\/uploads\/2022\/07\/KoerperTakt_20220205-73-1-1024x683.jpg);background-position:50% 50%\"><img loading=\"lazy\" decoding=\"async\" width=\"1024\" height=\"683\" src=\"https:\/\/koerpertakt.de\/wp-content\/uploads\/2022\/07\/KoerperTakt_20220205-73-1-1024x683.jpg\" alt=\"\" class=\"wp-image-1112 size-full\" srcset=\"https:\/\/koerpertakt.de\/wp-content\/uploads\/2022\/07\/KoerperTakt_20220205-73-1-1024x683.jpg 1024w, https:\/\/koerpertakt.de\/wp-content\/uploads\/2022\/07\/KoerperTakt_20220205-73-1-300x200.jpg 300w, https:\/\/koerpertakt.de\/wp-content\/uploads\/2022\/07\/KoerperTakt_20220205-73-1-768x512.jpg 768w, https:\/\/koerpertakt.de\/wp-content\/uploads\/2022\/07\/KoerperTakt_20220205-73-1-1536x1024.jpg 1536w, https:\/\/koerpertakt.de\/wp-content\/uploads\/2022\/07\/KoerperTakt_20220205-73-1-2048x1366.jpg 2048w\" sizes=\"auto, (max-width: 706px) 89vw, (max-width: 767px) 82vw, 740px\" \/><\/figure><div class=\"wp-block-media-text__content\">\n<p class=\"has-black-color has-text-color has-medium-font-size\"><span style=\"color: #333333;\">Die Physiotherapie ist ein nat\u00fcrliches Heilverfahren, das sowohl auf passiven (durch \u00e4u\u00dfere Kr\u00e4fte, zum Beispiel vom Therapeuten gef\u00fchrten) als auch aktiven (selbst\u00e4ndig ausgef\u00fchrten) Bewegungen basiert. Auf diese Weise sollen k\u00f6rperliche Fehlentwicklungen korrigiert und Heilungsprozesse eingeleitet oder unterst\u00fctzt werden. Der Patient soll sozusagen die \u201erichtigen\u201c Bewegungsabl\u00e4ufe erlernen. Die Physiotherapie ist oftmals geeignet, eine medikament\u00f6se oder operative Behandlung zu ersetzen oder zu erg\u00e4nzen.<\/span><\/p>\n\n\n\n<p class=\"has-black-color has-text-color has-medium-font-size\"><span style=\"color: #333333;\">Pr\u00e4vention &#8211; vorbeugende Ma\u00dfnahmen<\/span><\/p>\n\n\n\n<p class=\"has-black-color has-text-color has-medium-font-size\"><span style=\"color: #333333;\">Kuration &#8211; Behandeln akuter und chronischer Beschwerden<\/span><\/p>\n\n\n\n<p class=\"has-black-color has-text-color has-medium-font-size\"><span style=\"color: #333333;\">Rehabilitation &#8211; Ma\u00dfnahmen zur Wiedereingliederung in Arbeit, Beruf und Gesellschaft<\/span><\/p>\n<\/div><\/div>\n","protected":false},"excerpt":{"rendered":"<p>Die Physiotherapie ist ein nat\u00fcrliches Heilverfahren, das sowohl auf passiven (durch \u00e4u\u00dfere Kr\u00e4fte, zum Beispiel vom Therapeuten gef\u00fchrten) als auch aktiven (selbst\u00e4ndig ausgef\u00fchrten) Bewegungen basiert. Auf diese Weise sollen k\u00f6rperliche Fehlentwicklungen korrigiert und Heilungsprozesse eingeleitet oder unterst\u00fctzt werden. Der Patient soll sozusagen die \u201erichtigen\u201c Bewegungsabl\u00e4ufe erlernen. Die Physiotherapie ist oftmals geeignet, eine medikament\u00f6se oder operative &hellip; <\/p>\n<p class=\"link-more\"><a href=\"https:\/\/koerpertakt.de\/?page_id=94\" class=\"more-link\"><span class=\"screen-reader-text\">\u201ePhysiotherapie\/Krankengymnastik\u201c <\/span>weiterlesen<\/a><\/p>\n","protected":false},"author":1,"featured_media":0,"parent":0,"menu_order":0,"comment_status":"closed","ping_status":"closed","template":"template-fullwidth.php","meta":{"footnotes":""},"class_list":["post-94","page","type-page","status-publish","hentry"],"_links":{"self":[{"href":"https:\/\/koerpertakt.de\/index.php?rest_route=\/wp\/v2\/pages\/94","targetHints":{"allow":["GET"]}}],"collection":[{"href":"https:\/\/koerpertakt.de\/index.php?rest_route=\/wp\/v2\/pages"}],"about":[{"href":"https:\/\/koerpertakt.de\/index.php?rest_route=\/wp\/v2\/types\/page"}],"author":[{"embeddable":true,"href":"https:\/\/koerpertakt.de\/index.php?rest_route=\/wp\/v2\/users\/1"}],"replies":[{"embeddable":true,"href":"https:\/\/koerpertakt.de\/index.php?rest_route=%2Fwp%2Fv2%2Fcomments&post=94"}],"version-history":[{"count":14,"href":"https:\/\/koerpertakt.de\/index.php?rest_route=\/wp\/v2\/pages\/94\/revisions"}],"predecessor-version":[{"id":1116,"href":"https:\/\/koerpertakt.de\/index.php?rest_route=\/wp\/v2\/pages\/94\/revisions\/1116"}],"wp:attachment":[{"href":"https:\/\/koerpertakt.de\/index.php?rest_route=%2Fwp%2Fv2%2Fmedia&parent=94"}],"curies":[{"name":"wp","href":"https:\/\/api.w.org\/{rel}","templated":true}]}}